{"id":66,"date":"2023-10-24T16:35:21","date_gmt":"2023-10-24T14:35:21","guid":{"rendered":"http:\/\/subpynw.cluster028.hosting.ovh.net\/?page_id=66"},"modified":"2023-11-21T12:21:19","modified_gmt":"2023-11-21T11:21:19","slug":"eucharistie","status":"publish","type":"page","link":"https:\/\/paroisseherblay.fr\/index.php\/celebrer\/eucharistie\/","title":{"rendered":"Eucharistie"},"content":{"rendered":"\n<p>L\u2019Eucharistie est le troisi\u00e8me sacrement de l\u2019Initiation Chr\u00e9tienne. Le mot \u00ab Eucharistie \u00bb signifie \u00ab action de gr\u00e2ce \u00bb.<br>C\u2019est le peuple qui rend gr\u00e2ce au P\u00e8re, par son Fils, dans l\u2019Esprit pour le don qu\u2019il nous fait de sa Vie.<\/p>\n\n\n\n<blockquote class=\"wp-block-quote is-layout-flow wp-block-quote-is-layout-flow\">\n<p>\u00abL\u2019Eucharistie est la source et le sommet de toute la vie chr\u00e9tienne\u00bb<\/p>\n<cite> (Vatican II Constitution sur l\u2019Eglise n\u00b0 11)<\/cite><\/blockquote>\n\n\n\n<p>C\u2019est par l\u2019Eucharistie que nous est donn\u00e9e la Vie de Dieu, le Pain de la route. Recevoir le Pain de Dieu nous invite \u00e0 partager notre pain avec nos fr\u00e8res en humanit\u00e9. L\u2019Eucharistie structure la vie chr\u00e9tienne, elle la ponctue, elle est la respiration dans la vie spirituelle.<br>C\u2019est une actualisation de la P\u00e2que et non pas sa r\u00e9p\u00e9tition ou son simple souvenir. L\u2019Eucharistie, ou la messe, est un rappel de la derni\u00e8re C\u00e8ne, de la mort et de la r\u00e9surrection de J\u00e9sus Christ.<\/p>\n\n\n\n<p>Il est possible de pour recevoir le sacrement de premi\u00e8re communion dans notre paroisse.<\/p>\n\n\n\n<p>Pour les jeunes du KT, cela se fait en principe au niveau du CM2.<\/p>\n\n\n\n<p>Pour les jeunes de l&rsquo;aum\u00f4nerie, prendre contact avec l&rsquo;animateur d&rsquo;aum\u00f4nerie.<\/p>\n\n\n\n<p>Pour les adultes, contacter le <a href=\"https:\/\/paroisseherblay.fr\/index.php\/contacts\/\">secr\u00e9tariat paroissial<\/a>.<\/p>\n","protected":false},"excerpt":{"rendered":"<p>L\u2019Eucharistie est le troisi\u00e8me sacrement de l\u2019Initiation Chr\u00e9tienne. Le mot \u00ab Eucharistie \u00bb signifie<span class=\"more-dots\">&#8230;<\/span><\/p>\n","protected":false},"author":1,"featured_media":0,"parent":470,"menu_order":2,"comment_status":"closed","ping_status":"closed","template":"","meta":{"footnotes":""},"class_list":["post-66","page","type-page","status-publish","hentry","no-post-thumbnail"],"yoast_head":"<!-- This site is optimized with the Yoast SEO plugin v27.5 - https:\/\/yoast.com\/product\/yoast-seo-wordpress\/ -->\n<title>Eucharistie - Paroisse d&#039;Herblay-sur-Seine<\/title>\n<meta name=\"robots\" content=\"index, follow, max-snippet:-1, max-image-preview:large, max-video-preview:-1\" \/>\n<link rel=\"canonical\" href=\"https:\/\/paroisseherblay.fr\/index.php\/celebrer\/eucharistie\/\" \/>\n<meta property=\"og:locale\" content=\"fr_FR\" \/>\n<meta property=\"og:type\" content=\"article\" \/>\n<meta property=\"og:title\" content=\"Eucharistie - Paroisse d&#039;Herblay-sur-Seine\" \/>\n<meta property=\"og:description\" content=\"L\u2019Eucharistie est le troisi\u00e8me sacrement de l\u2019Initiation Chr\u00e9tienne. Le mot \u00ab Eucharistie \u00bb signifie...\" \/>\n<meta property=\"og:url\" content=\"https:\/\/paroisseherblay.fr\/index.php\/celebrer\/eucharistie\/\" \/>\n<meta property=\"og:site_name\" content=\"Paroisse d&#039;Herblay-sur-Seine\" \/>\n<meta property=\"article:publisher\" content=\"https:\/\/www.facebook.com\/paroisse.dherblay\" \/>\n<meta property=\"article:modified_time\" content=\"2023-11-21T11:21:19+00:00\" \/>\n<meta name=\"twitter:card\" content=\"summary_large_image\" \/>\n<meta name=\"twitter:label1\" content=\"Dur\u00e9e de lecture estim\u00e9e\" \/>\n\t<meta name=\"twitter:data1\" content=\"1 minute\" \/>\n<script type=\"application\/ld+json\" class=\"yoast-schema-graph\">{\"@context\":\"https:\\\/\\\/schema.org\",\"@graph\":[{\"@type\":\"WebPage\",\"@id\":\"https:\\\/\\\/paroisseherblay.fr\\\/index.php\\\/celebrer\\\/eucharistie\\\/\",\"url\":\"https:\\\/\\\/paroisseherblay.fr\\\/index.php\\\/celebrer\\\/eucharistie\\\/\",\"name\":\"Eucharistie - Paroisse d&#039;Herblay-sur-Seine\",\"isPartOf\":{\"@id\":\"https:\\\/\\\/paroisseherblay.fr\\\/#website\"},\"datePublished\":\"2023-10-24T14:35:21+00:00\",\"dateModified\":\"2023-11-21T11:21:19+00:00\",\"breadcrumb\":{\"@id\":\"https:\\\/\\\/paroisseherblay.fr\\\/index.php\\\/celebrer\\\/eucharistie\\\/#breadcrumb\"},\"inLanguage\":\"fr-FR\",\"potentialAction\":[{\"@type\":\"ReadAction\",\"target\":[\"https:\\\/\\\/paroisseherblay.fr\\\/index.php\\\/celebrer\\\/eucharistie\\\/\"]}]},{\"@type\":\"BreadcrumbList\",\"@id\":\"https:\\\/\\\/paroisseherblay.fr\\\/index.php\\\/celebrer\\\/eucharistie\\\/#breadcrumb\",\"itemListElement\":[{\"@type\":\"ListItem\",\"position\":1,\"name\":\"Home\",\"item\":\"https:\\\/\\\/paroisseherblay.fr\\\/\"},{\"@type\":\"ListItem\",\"position\":2,\"name\":\"C\u00e9l\u00e9brer\",\"item\":\"https:\\\/\\\/paroisseherblay.fr\\\/index.php\\\/celebrer\\\/\"},{\"@type\":\"ListItem\",\"position\":3,\"name\":\"Eucharistie\"}]},{\"@type\":\"WebSite\",\"@id\":\"https:\\\/\\\/paroisseherblay.fr\\\/#website\",\"url\":\"https:\\\/\\\/paroisseherblay.fr\\\/\",\"name\":\"Paroisse d'Herblay\",\"description\":\"\",\"publisher\":{\"@id\":\"https:\\\/\\\/paroisseherblay.fr\\\/#organization\"},\"alternateName\":\"ParoisseHerblay\",\"potentialAction\":[{\"@type\":\"SearchAction\",\"target\":{\"@type\":\"EntryPoint\",\"urlTemplate\":\"https:\\\/\\\/paroisseherblay.fr\\\/?s={search_term_string}\"},\"query-input\":{\"@type\":\"PropertyValueSpecification\",\"valueRequired\":true,\"valueName\":\"search_term_string\"}}],\"inLanguage\":\"fr-FR\"},{\"@type\":\"Organization\",\"@id\":\"https:\\\/\\\/paroisseherblay.fr\\\/#organization\",\"name\":\"Paroisse d'Herblay\",\"url\":\"https:\\\/\\\/paroisseherblay.fr\\\/\",\"logo\":{\"@type\":\"ImageObject\",\"inLanguage\":\"fr-FR\",\"@id\":\"https:\\\/\\\/paroisseherblay.fr\\\/#\\\/schema\\\/logo\\\/image\\\/\",\"url\":\"https:\\\/\\\/paroisseherblay.fr\\\/wp-content\\\/uploads\\\/2023\\\/10\\\/logo_paroisse.png\",\"contentUrl\":\"https:\\\/\\\/paroisseherblay.fr\\\/wp-content\\\/uploads\\\/2023\\\/10\\\/logo_paroisse.png\",\"width\":200,\"height\":207,\"caption\":\"Paroisse d'Herblay\"},\"image\":{\"@id\":\"https:\\\/\\\/paroisseherblay.fr\\\/#\\\/schema\\\/logo\\\/image\\\/\"},\"sameAs\":[\"https:\\\/\\\/www.facebook.com\\\/paroisse.dherblay\",\"https:\\\/\\\/www.youtube.com\\\/@paroisseherblay\",\"https:\\\/\\\/www.instagram.com\\\/paroisse.herblay\"]}]}<\/script>\n<!-- \/ Yoast SEO plugin. -->","yoast_head_json":{"title":"Eucharistie - Paroisse d&#039;Herblay-sur-Seine","robots":{"index":"index","follow":"follow","max-snippet":"max-snippet:-1","max-image-preview":"max-image-preview:large","max-video-preview":"max-video-preview:-1"},"canonical":"https:\/\/paroisseherblay.fr\/index.php\/celebrer\/eucharistie\/","og_locale":"fr_FR","og_type":"article","og_title":"Eucharistie - Paroisse d&#039;Herblay-sur-Seine","og_description":"L\u2019Eucharistie est le troisi\u00e8me sacrement de l\u2019Initiation Chr\u00e9tienne. Le mot \u00ab Eucharistie \u00bb signifie...","og_url":"https:\/\/paroisseherblay.fr\/index.php\/celebrer\/eucharistie\/","og_site_name":"Paroisse d&#039;Herblay-sur-Seine","article_publisher":"https:\/\/www.facebook.com\/paroisse.dherblay","article_modified_time":"2023-11-21T11:21:19+00:00","twitter_card":"summary_large_image","twitter_misc":{"Dur\u00e9e de lecture estim\u00e9e":"1 minute"},"schema":{"@context":"https:\/\/schema.org","@graph":[{"@type":"WebPage","@id":"https:\/\/paroisseherblay.fr\/index.php\/celebrer\/eucharistie\/","url":"https:\/\/paroisseherblay.fr\/index.php\/celebrer\/eucharistie\/","name":"Eucharistie - Paroisse d&#039;Herblay-sur-Seine","isPartOf":{"@id":"https:\/\/paroisseherblay.fr\/#website"},"datePublished":"2023-10-24T14:35:21+00:00","dateModified":"2023-11-21T11:21:19+00:00","breadcrumb":{"@id":"https:\/\/paroisseherblay.fr\/index.php\/celebrer\/eucharistie\/#breadcrumb"},"inLanguage":"fr-FR","potentialAction":[{"@type":"ReadAction","target":["https:\/\/paroisseherblay.fr\/index.php\/celebrer\/eucharistie\/"]}]},{"@type":"BreadcrumbList","@id":"https:\/\/paroisseherblay.fr\/index.php\/celebrer\/eucharistie\/#breadcrumb","itemListElement":[{"@type":"ListItem","position":1,"name":"Home","item":"https:\/\/paroisseherblay.fr\/"},{"@type":"ListItem","position":2,"name":"C\u00e9l\u00e9brer","item":"https:\/\/paroisseherblay.fr\/index.php\/celebrer\/"},{"@type":"ListItem","position":3,"name":"Eucharistie"}]},{"@type":"WebSite","@id":"https:\/\/paroisseherblay.fr\/#website","url":"https:\/\/paroisseherblay.fr\/","name":"Paroisse d'Herblay","description":"","publisher":{"@id":"https:\/\/paroisseherblay.fr\/#organization"},"alternateName":"ParoisseHerblay","potentialAction":[{"@type":"SearchAction","target":{"@type":"EntryPoint","urlTemplate":"https:\/\/paroisseherblay.fr\/?s={search_term_string}"},"query-input":{"@type":"PropertyValueSpecification","valueRequired":true,"valueName":"search_term_string"}}],"inLanguage":"fr-FR"},{"@type":"Organization","@id":"https:\/\/paroisseherblay.fr\/#organization","name":"Paroisse d'Herblay","url":"https:\/\/paroisseherblay.fr\/","logo":{"@type":"ImageObject","inLanguage":"fr-FR","@id":"https:\/\/paroisseherblay.fr\/#\/schema\/logo\/image\/","url":"https:\/\/paroisseherblay.fr\/wp-content\/uploads\/2023\/10\/logo_paroisse.png","contentUrl":"https:\/\/paroisseherblay.fr\/wp-content\/uploads\/2023\/10\/logo_paroisse.png","width":200,"height":207,"caption":"Paroisse d'Herblay"},"image":{"@id":"https:\/\/paroisseherblay.fr\/#\/schema\/logo\/image\/"},"sameAs":["https:\/\/www.facebook.com\/paroisse.dherblay","https:\/\/www.youtube.com\/@paroisseherblay","https:\/\/www.instagram.com\/paroisse.herblay"]}]}},"_links":{"self":[{"href":"https:\/\/paroisseherblay.fr\/index.php\/wp-json\/wp\/v2\/pages\/66","targetHints":{"allow":["GET"]}}],"collection":[{"href":"https:\/\/paroisseherblay.fr\/index.php\/wp-json\/wp\/v2\/pages"}],"about":[{"href":"https:\/\/paroisseherblay.fr\/index.php\/wp-json\/wp\/v2\/types\/page"}],"author":[{"embeddable":true,"href":"https:\/\/paroisseherblay.fr\/index.php\/wp-json\/wp\/v2\/users\/1"}],"replies":[{"embeddable":true,"href":"https:\/\/paroisseherblay.fr\/index.php\/wp-json\/wp\/v2\/comments?post=66"}],"version-history":[{"count":4,"href":"https:\/\/paroisseherblay.fr\/index.php\/wp-json\/wp\/v2\/pages\/66\/revisions"}],"predecessor-version":[{"id":1083,"href":"https:\/\/paroisseherblay.fr\/index.php\/wp-json\/wp\/v2\/pages\/66\/revisions\/1083"}],"up":[{"embeddable":true,"href":"https:\/\/paroisseherblay.fr\/index.php\/wp-json\/wp\/v2\/pages\/470"}],"wp:attachment":[{"href":"https:\/\/paroisseherblay.fr\/index.php\/wp-json\/wp\/v2\/media?parent=66"}],"curies":[{"name":"wp","href":"https:\/\/api.w.org\/{rel}","templated":true}]}}