{"id":72,"date":"2023-10-24T16:37:30","date_gmt":"2023-10-24T14:37:30","guid":{"rendered":"http:\/\/subpynw.cluster028.hosting.ovh.net\/?page_id=72"},"modified":"2023-11-21T12:26:42","modified_gmt":"2023-11-21T11:26:42","slug":"reconciliation","status":"publish","type":"page","link":"https:\/\/paroisseherblay.fr\/index.php\/celebrer\/reconciliation\/","title":{"rendered":"R\u00e9conciliation"},"content":{"rendered":"\n<p>C\u2019est l\u2019acte gratuit par lequel Dieu pardonne au p\u00e9cheur repentant et le r\u00e9introduit dans sa paix, gr\u00e2ce au Christ mort et ressuscit\u00e9, en qui tous les p\u00e9ch\u00e9s sont pardonn\u00e9s. Depuis quelques ann\u00e9es, on parle plus volontiers de \u00ab&nbsp;sacrement de la r\u00e9conciliation&nbsp;\u00bb \u00e0 propos de la confession. Le sacrement de la r\u00e9conciliation par excellence est le bapt\u00eame.<\/p>\n\n\n\n<p>Il est appel\u00e9&nbsp;<em><strong>sacrement de r\u00e9conciliation<\/strong><\/em>&nbsp;car il donne au p\u00e9cheur l\u2019amour de Dieu qui r\u00e9concilie :<\/p>\n\n\n\n<blockquote class=\"wp-block-quote is-layout-flow wp-block-quote-is-layout-flow\">\n<p style=\"font-size:20px\">\u201cLaissez vous r\u00e9concilier avec Dieu\u201d<\/p>\n<cite>(2 Co 5, 20)<\/cite><\/blockquote>\n\n\n\n<p>Celui qui vit de l\u2019amour mis\u00e9ricordieux de Dieu est pr\u00eat \u00e0 r\u00e9pondre \u00e0 l\u2019appel du Seigneur&nbsp;:<\/p>\n\n\n\n<blockquote class=\"wp-block-quote is-layout-flow wp-block-quote-is-layout-flow\">\n<p>\u201cVa d\u2019abord te r\u00e9concilier avec ton fr\u00e8re\u201d<\/p>\n<cite>(Mt 5, 24)<\/cite><\/blockquote>\n\n\n\n<p><strong>Qu\u2019est-ce que le sacrement de r\u00e9conciliation ?<\/strong><br>Ce sacrement est le signe de l\u00b4amour infini de Dieu. Le pardon de Dieu est toujours possible, si nous faisons une d\u00e9marche vraiment sinc\u00e8re. En nous reconnaissant p\u00e9cheur, nous croyons que l\u00b4Amour infini de Dieu est toujours le plus fort. Le dialogue avec un pr\u00eatre est le signe efficace de la r\u00e9conciliation avec Dieu et avec nos fr\u00e8res.<br><br><em>Le pardon de Dieu est exprim\u00e9 par les paroles du pr\u00eatre : \u00ab Que Dieu notre P\u00e8re vous montre sa mis\u00e9ricorde ; par la mort et la r\u00e9surrection de son Fils, il a r\u00e9concili\u00e9 le monde avec lui et il a envoy\u00e9 l\u2019Esprit Saint pour la r\u00e9mission des p\u00e9ch\u00e9s : par le minist\u00e8re de l\u2019Eglise il vous donne le pardon et la paix. \u00bb<br><br>Le pardon de nos p\u00e9ch\u00e9s n\u2019est pas quelque chose que nous pouvons nous donner \u00e0 nous-m\u00eames. Je ne peux pas dire : je me pardonne mes p\u00e9ch\u00e9s. Le pardon se demande, il se demande \u00e0 quelqu\u2019un d\u2019autre et dans la confession, nous demandons \u00e0 J\u00e9sus son pardon.<\/em><br><br><em>Le pardon n\u2019est pas le fruit de nos efforts, mais c\u2019est un cadeau, un don de l\u2019Esprit Saint, qui nous comble dans le bain r\u00e9g\u00e9n\u00e9rant de mis\u00e9ricorde et de gr\u00e2ce qui coule sans cesse du c\u0153ur grand ouvert du Christ crucifi\u00e9 et ressuscit\u00e9.<\/em><br><br><em><strong>C\u2019est seulement si nous nous laissons r\u00e9concilier dans le Seigneur J\u00e9sus avec le P\u00e8re et avec nos fr\u00e8res que nous pouvons \u00eatre vraiment dans la paix.<\/strong><\/em><\/p>\n\n\n\n<figure class=\"wp-block-pullquote\" style=\"font-size:8px\"><blockquote><p>\u00ab <em>Et cela, nous l\u2019avons tous ressenti dans notre c\u0153ur lorsque nous allons nous confesser, avec un poids sur l\u2019\u00e2me, un peu de tristesse ; et quand nous recevons le pardon de J\u00e9sus, nous sommes en paix, avec cette paix de l\u2019\u00e2me qui est si belle et que seul J\u00e9sus peut donner, lui seul.&nbsp;\u00bb<\/em><\/p><cite>&nbsp;Pape Fran\u00e7ois Audience G\u00e9n\u00e9rale, 19 f\u00e9vrier 2014<\/cite><\/blockquote><\/figure>\n\n\n\n<p><br><strong>Pourquoi me confesser : je n\u2019ai rien \u00e0 dire \/ je dis toujours la m\u00eame chose ?<\/strong><br><br>On est parfois d\u00e9courag\u00e9 de se confesser en pensant que l\u2019on recommencera les m\u00eames p\u00e9ch\u00e9s. Il est certain que la confession ne nous transforme pas compl\u00e8tement. Mais le&nbsp;sacrement du pardon nous met dans l\u2019humilit\u00e9 devant Dieu qui nous aime malgr\u00e9 notre faiblesse et cette rencontre est essentielle.<br><br>Parfois, on ne voit pas en quoi consistent nos p\u00e9ch\u00e9s, on ne sait pas quoi dire. On n\u2019a parfois l\u2019impression que l\u2019on n\u2019a pas de p\u00e9ch\u00e9s. Cependant, si nous ne voyons pas nos p\u00e9ch\u00e9s, nos voisins, eux, les connaissent. St Jean dit :<\/p>\n\n\n\n<blockquote class=\"wp-block-quote is-layout-flow wp-block-quote-is-layout-flow\">\n<p>\u00ab&nbsp;Si nous disons que nous n\u2019avons pas&nbsp;p\u00e9ch\u00e9, la v\u00e9rit\u00e9 n\u2019est pas en nous&nbsp;\u00bb<\/p>\n<cite>(1 Jn 1,8-10)<\/cite><\/blockquote>\n\n\n\n<p>Si on a l\u2019impression de n\u2019avoir rien \u00e0 dire, c\u2019est le signe qu\u2019il y a quelque chose \u00e0 changer dans sa vie.<br><br>Il arrive que l\u2019on se confesse rarement par ce qu\u2019on n\u2019en \u00e9prouve pas le besoin. Si on comprend bien ce qu\u2019est ce&nbsp;sacrement\u2026 notre participation ne repose pas seulement sur un besoin ressenti, mais sur la conviction de son importance pour notre relation avec Dieu.<\/p>\n\n\n\n<p><strong>Comment se pr\u00e9parer \u00e0 recevoir ce sacrement ?<\/strong><\/p>\n\n\n\n<p>Se pr\u00e9parer au sacrement de p\u00e9nitence et&nbsp;de r\u00e9conciliation cela signifie se placer d\u00e9j\u00e0 sous le regard d\u2019amour de Dieu, en choisissant un passage de la Parole de Dieu pour y discerner son appel.<\/p>\n\n\n\n<p>Cela signifie aussi regarder sa vie travers\u00e9e d\u2019amour et de p\u00e9ch\u00e9, et se rapprocher du Seigneur pour qu\u2019il nous aide \u00e0 discerner.<\/p>\n\n\n\n<p>Avant d\u2019aller voir le pr\u00eatre, n\u2019h\u00e9sitez pas \u00e0 prendre un temps pour relire votre vie&nbsp;\u2013 spirituelle, familiale, professionnelle\u2026- La parole de Dieu peut vous aider \u00e0 vous mettre sous son regard avec simplicit\u00e9 et vous demander ce que l\u2019\u00e9vangile vous appelle \u00e0 vivre.<\/p>\n\n\n\n<p>Ce qui \u00e9tait autrefois nomm\u00e9 \u00ab examen de conscience \u00bb est plut\u00f4t un appel \u00e0 vivre en coh\u00e9rence avec soi-m\u00eame, avec ses convictions et avec les paroles du Christ. Notre seule conscience ne suffit pas \u00e0 nous guider. C\u2019est la confrontation au mod\u00e8le de vie incarn\u00e9e en J\u00e9sus-Christ qui conf\u00e8re la dimension de p\u00e9ch\u00e9 \u00e0 un acte, une pens\u00e9e.<\/p>\n\n\n\n<p>Il faut diff\u00e9rencier la faute et le p\u00e9ch\u00e9. La faute n\u2019est le fruit que de la confrontation \u00e0 la simple loi morale, alors que le p\u00e9ch\u00e9 n\u2019existe que lorsque l\u2019on se pr\u00e9sente sous le regard d\u2019amour de Dieu.<\/p>\n\n\n\n<p><strong>Comment se confesser ?<\/strong><\/p>\n\n\n\n<p>Il s\u2019agit d\u2019abord de se mettre en v\u00e9rit\u00e9 face \u00e0 Dieu et de lui demander de nous montrer ce qui fait obstacle \u00e0 l\u2019amour en nous puis de rencontrer un pr\u00eatre. Le sch\u00e9ma \u00ab pratique \u00bb de confession est le suivant :<\/p>\n\n\n\n<p>\u2013&nbsp;&nbsp;&nbsp;&nbsp;&nbsp;&nbsp; Le p\u00e9nitent dit : \u00ab B\u00e9nissez-moi, mon p\u00e8re, parce que j\u2019ai p\u00e9ch\u00e9 \u00bb. Le pr\u00eatre b\u00e9ni alors le fid\u00e8le et l\u2019invite \u00e0 entrer dans la confiance pour cette confession.<\/p>\n\n\n\n<p>\u2013&nbsp;&nbsp;&nbsp;&nbsp;&nbsp;&nbsp; Le p\u00e9nitent peut dire depuis combien de temps il ne s\u2019est pas confess\u00e9 et pr\u00e9senter bri\u00e8vement son \u00e9tat de vie.<br>\u2013&nbsp;&nbsp;&nbsp;&nbsp;&nbsp;&nbsp; Puis vient le temps de l\u2019aveu des p\u00e9ch\u00e9s reconnu \u00e0 la lumi\u00e8re de l\u2019amour infini de Dieu. Je reconnais avec simplicit\u00e9 mon p\u00e9ch\u00e9, sans me justifier. On peut examiner les manquements :<\/p>\n\n\n\n<ul class=\"wp-block-list\">\n<li>Envers Dieu<\/li>\n\n\n\n<li>Envers mon prochain<\/li>\n\n\n\n<li>Envers moi-m\u00eame<\/li>\n<\/ul>\n\n\n\n<p>\u2013&nbsp;&nbsp;&nbsp;&nbsp;&nbsp;&nbsp; \u00ab De tous ces p\u00e9ch\u00e9s, j\u2019en demande pardon \u00e0 Dieu, et \u00e0 vous mon p\u00e8re p\u00e9nitence et absolution \u00bb.<br>\u2013&nbsp;&nbsp;&nbsp;&nbsp;&nbsp;&nbsp; Ensuite le pr\u00eatre, t\u00e9moin de la mis\u00e9ricorde, rel\u00e8ve, encourage, fortifie dans la foi celui qui reconna\u00eet ses fautes avec contrition.<\/p>\n\n\n\n<ul class=\"wp-block-list\">\n<li>Il peut \u00e9ventuellement essayer d\u2019aider le p\u00e9nitent par telle ou telle parole de conseil et de consolation<\/li>\n\n\n\n<li>Il peut proposer une p\u00e9nitence, qui sera le plus souvent une pri\u00e8re ou une m\u00e9ditation d\u2019un passage de l\u2019\u00c9vangile ou un signe concret de conversion. La p\u00e9nitence est une mani\u00e8re de v\u00e9rifier notre d\u00e9sir de vie nouvelle et de rendre gr\u00e2ce \u00e0 Dieu en toute chose.<\/li>\n\n\n\n<li>Il invite \u00e0 formuler un acte de contrition<\/li>\n\n\n\n<li>Il prononce la formule d\u2019absolution<\/li>\n\n\n\n<li>Il invite \u00e0 repartir dans la paix.<\/li>\n<\/ul>\n\n\n\n<p><br><strong>Actes de contrition<\/strong><\/p>\n\n\n\n<div class=\"wp-block-columns is-layout-flex wp-container-core-columns-is-layout-9d6595d7 wp-block-columns-is-layout-flex\">\n<div class=\"wp-block-column is-layout-flow wp-block-column-is-layout-flow\">\n<pre class=\"wp-block-verse\">P\u00e8re, Dieu de tendresse et de mis\u00e9ricorde,\nj\u2019ai p\u00e9ch\u00e9 contre Toi et mes fr\u00e8res.\nJe ne suis pas digne d\u2019\u00eatre appel\u00e9 ton enfant,\nmais pr\u00e8s de Toi se trouve le pardon.\nAccueille mon repentir.\nQue ton Esprit me donne la force\nde vivre selon ton amour\nen imitant Celui qui est mort pour nos p\u00e9ch\u00e9s,\nTon Fils J\u00e9sus-Christ Notre Seigneur.<\/pre>\n<\/div>\n\n\n\n<div class=\"wp-block-column is-layout-flow wp-block-column-is-layout-flow\">\n<pre class=\"wp-block-verse\">Mon Dieu, j\u2019ai un tr\u00e8s grand regret de vous avoir offens\u00e9\nparce que vous \u00eates infiniment bon, infiniment aimable,\net que le p\u00e9ch\u00e9 vous d\u00e9pla\u00eet.\nJe prends la ferme r\u00e9solution, avec le secours de votre sainte gr\u00e2ce\nde ne plus vous offenser et de faire p\u00e9nitence.<\/pre>\n<\/div>\n<\/div>\n\n\n\n<p><br><strong>Quand se confesser ?<\/strong><\/p>\n\n\n\n<p>L\u2019Eglise demande aux chr\u00e9tiens de se confesser au&nbsp;moins une fois par an avant P\u00e2ques. On peut le faire r\u00e9guli\u00e8rement, avant chaque grande f\u00eate par exemple. Ce peut-\u00eatre aussi une fois par mois ou \u00e0 un rythme d\u00e9termin\u00e9 avec un accompagnateur. On peut en effet aussi vivre cette rencontre sacramentelle encore plus fr\u00e9quemment comme un acte de foi ou parce que l\u2019on porte des choses lourdes.<\/p>\n\n\n\n<p>En revanche, il n\u2019est pas souhaitable de se confesser tous les jours&nbsp;! Porter son p\u00e9ch\u00e9 est aussi une exp\u00e9rience spirituelle. Nous ne sommes pas dans une conception \u00ab&nbsp;hygi\u00e9niste&nbsp;\u00bb de la confession o\u00f9 il faudrait enlever une t\u00e2che d\u00e8s qu\u2019elle appara\u00eet, mais dans l\u2019approfondissement de la qualit\u00e9 d\u2019une relation avec Dieu qui se d\u00e9voile toujours davantage comme infiniment mis\u00e9ricordieux.<\/p>\n\n\n\n<p class=\"has-text-align-center\">Ce sacrement peut \u00eatre re\u00e7u \u00e0 la demande apr\u00e8s les diff\u00e9rentes messes du milieu de semaine ou en prenant rendez-vous au <a href=\"https:\/\/paroisseherblay.fr\/index.php\/contacts\/\" data-type=\"page\" data-id=\"16\">secr\u00e9tariat paroissial<\/a>.<br><strong>A l\u2019occasion des grandes f\u00eates liturgiques, des c\u00e9l\u00e9brations p\u00e9nitentielles sont organis\u00e9es dans la paroisse.<\/strong><\/p>\n","protected":false},"excerpt":{"rendered":"<p>C\u2019est l\u2019acte gratuit par lequel Dieu pardonne au p\u00e9cheur repentant et le r\u00e9introduit dans<span class=\"more-dots\">&#8230;<\/span><\/p>\n","protected":false},"author":1,"featured_media":0,"parent":470,"menu_order":4,"comment_status":"closed","ping_status":"closed","template":"","meta":{"footnotes":""},"class_list":["post-72","page","type-page","status-publish","hentry","no-post-thumbnail"],"yoast_head":"<!-- This site is optimized with the Yoast SEO plugin v27.5 - https:\/\/yoast.com\/product\/yoast-seo-wordpress\/ -->\n<title>R\u00e9conciliation - Paroisse d&#039;Herblay-sur-Seine<\/title>\n<meta name=\"robots\" content=\"index, follow, max-snippet:-1, max-image-preview:large, max-video-preview:-1\" \/>\n<link rel=\"canonical\" href=\"https:\/\/paroisseherblay.fr\/index.php\/celebrer\/reconciliation\/\" \/>\n<meta property=\"og:locale\" content=\"fr_FR\" \/>\n<meta property=\"og:type\" content=\"article\" \/>\n<meta property=\"og:title\" content=\"R\u00e9conciliation - Paroisse d&#039;Herblay-sur-Seine\" \/>\n<meta property=\"og:description\" content=\"C\u2019est l\u2019acte gratuit par lequel Dieu pardonne au p\u00e9cheur repentant et le r\u00e9introduit dans...\" \/>\n<meta property=\"og:url\" content=\"https:\/\/paroisseherblay.fr\/index.php\/celebrer\/reconciliation\/\" \/>\n<meta property=\"og:site_name\" content=\"Paroisse d&#039;Herblay-sur-Seine\" \/>\n<meta property=\"article:publisher\" content=\"https:\/\/www.facebook.com\/paroisse.dherblay\" \/>\n<meta property=\"article:modified_time\" content=\"2023-11-21T11:26:42+00:00\" \/>\n<meta name=\"twitter:card\" content=\"summary_large_image\" \/>\n<meta name=\"twitter:label1\" content=\"Dur\u00e9e de lecture estim\u00e9e\" \/>\n\t<meta name=\"twitter:data1\" content=\"8 minutes\" \/>\n<script type=\"application\/ld+json\" class=\"yoast-schema-graph\">{\"@context\":\"https:\\\/\\\/schema.org\",\"@graph\":[{\"@type\":\"WebPage\",\"@id\":\"https:\\\/\\\/paroisseherblay.fr\\\/index.php\\\/celebrer\\\/reconciliation\\\/\",\"url\":\"https:\\\/\\\/paroisseherblay.fr\\\/index.php\\\/celebrer\\\/reconciliation\\\/\",\"name\":\"R\u00e9conciliation - Paroisse d&#039;Herblay-sur-Seine\",\"isPartOf\":{\"@id\":\"https:\\\/\\\/paroisseherblay.fr\\\/#website\"},\"datePublished\":\"2023-10-24T14:37:30+00:00\",\"dateModified\":\"2023-11-21T11:26:42+00:00\",\"breadcrumb\":{\"@id\":\"https:\\\/\\\/paroisseherblay.fr\\\/index.php\\\/celebrer\\\/reconciliation\\\/#breadcrumb\"},\"inLanguage\":\"fr-FR\",\"potentialAction\":[{\"@type\":\"ReadAction\",\"target\":[\"https:\\\/\\\/paroisseherblay.fr\\\/index.php\\\/celebrer\\\/reconciliation\\\/\"]}]},{\"@type\":\"BreadcrumbList\",\"@id\":\"https:\\\/\\\/paroisseherblay.fr\\\/index.php\\\/celebrer\\\/reconciliation\\\/#breadcrumb\",\"itemListElement\":[{\"@type\":\"ListItem\",\"position\":1,\"name\":\"Home\",\"item\":\"https:\\\/\\\/paroisseherblay.fr\\\/\"},{\"@type\":\"ListItem\",\"position\":2,\"name\":\"C\u00e9l\u00e9brer\",\"item\":\"https:\\\/\\\/paroisseherblay.fr\\\/index.php\\\/celebrer\\\/\"},{\"@type\":\"ListItem\",\"position\":3,\"name\":\"R\u00e9conciliation\"}]},{\"@type\":\"WebSite\",\"@id\":\"https:\\\/\\\/paroisseherblay.fr\\\/#website\",\"url\":\"https:\\\/\\\/paroisseherblay.fr\\\/\",\"name\":\"Paroisse d'Herblay\",\"description\":\"\",\"publisher\":{\"@id\":\"https:\\\/\\\/paroisseherblay.fr\\\/#organization\"},\"alternateName\":\"ParoisseHerblay\",\"potentialAction\":[{\"@type\":\"SearchAction\",\"target\":{\"@type\":\"EntryPoint\",\"urlTemplate\":\"https:\\\/\\\/paroisseherblay.fr\\\/?s={search_term_string}\"},\"query-input\":{\"@type\":\"PropertyValueSpecification\",\"valueRequired\":true,\"valueName\":\"search_term_string\"}}],\"inLanguage\":\"fr-FR\"},{\"@type\":\"Organization\",\"@id\":\"https:\\\/\\\/paroisseherblay.fr\\\/#organization\",\"name\":\"Paroisse d'Herblay\",\"url\":\"https:\\\/\\\/paroisseherblay.fr\\\/\",\"logo\":{\"@type\":\"ImageObject\",\"inLanguage\":\"fr-FR\",\"@id\":\"https:\\\/\\\/paroisseherblay.fr\\\/#\\\/schema\\\/logo\\\/image\\\/\",\"url\":\"https:\\\/\\\/paroisseherblay.fr\\\/wp-content\\\/uploads\\\/2023\\\/10\\\/logo_paroisse.png\",\"contentUrl\":\"https:\\\/\\\/paroisseherblay.fr\\\/wp-content\\\/uploads\\\/2023\\\/10\\\/logo_paroisse.png\",\"width\":200,\"height\":207,\"caption\":\"Paroisse d'Herblay\"},\"image\":{\"@id\":\"https:\\\/\\\/paroisseherblay.fr\\\/#\\\/schema\\\/logo\\\/image\\\/\"},\"sameAs\":[\"https:\\\/\\\/www.facebook.com\\\/paroisse.dherblay\",\"https:\\\/\\\/www.youtube.com\\\/@paroisseherblay\",\"https:\\\/\\\/www.instagram.com\\\/paroisse.herblay\"]}]}<\/script>\n<!-- \/ Yoast SEO plugin. -->","yoast_head_json":{"title":"R\u00e9conciliation - Paroisse d&#039;Herblay-sur-Seine","robots":{"index":"index","follow":"follow","max-snippet":"max-snippet:-1","max-image-preview":"max-image-preview:large","max-video-preview":"max-video-preview:-1"},"canonical":"https:\/\/paroisseherblay.fr\/index.php\/celebrer\/reconciliation\/","og_locale":"fr_FR","og_type":"article","og_title":"R\u00e9conciliation - Paroisse d&#039;Herblay-sur-Seine","og_description":"C\u2019est l\u2019acte gratuit par lequel Dieu pardonne au p\u00e9cheur repentant et le r\u00e9introduit dans...","og_url":"https:\/\/paroisseherblay.fr\/index.php\/celebrer\/reconciliation\/","og_site_name":"Paroisse d&#039;Herblay-sur-Seine","article_publisher":"https:\/\/www.facebook.com\/paroisse.dherblay","article_modified_time":"2023-11-21T11:26:42+00:00","twitter_card":"summary_large_image","twitter_misc":{"Dur\u00e9e de lecture estim\u00e9e":"8 minutes"},"schema":{"@context":"https:\/\/schema.org","@graph":[{"@type":"WebPage","@id":"https:\/\/paroisseherblay.fr\/index.php\/celebrer\/reconciliation\/","url":"https:\/\/paroisseherblay.fr\/index.php\/celebrer\/reconciliation\/","name":"R\u00e9conciliation - Paroisse d&#039;Herblay-sur-Seine","isPartOf":{"@id":"https:\/\/paroisseherblay.fr\/#website"},"datePublished":"2023-10-24T14:37:30+00:00","dateModified":"2023-11-21T11:26:42+00:00","breadcrumb":{"@id":"https:\/\/paroisseherblay.fr\/index.php\/celebrer\/reconciliation\/#breadcrumb"},"inLanguage":"fr-FR","potentialAction":[{"@type":"ReadAction","target":["https:\/\/paroisseherblay.fr\/index.php\/celebrer\/reconciliation\/"]}]},{"@type":"BreadcrumbList","@id":"https:\/\/paroisseherblay.fr\/index.php\/celebrer\/reconciliation\/#breadcrumb","itemListElement":[{"@type":"ListItem","position":1,"name":"Home","item":"https:\/\/paroisseherblay.fr\/"},{"@type":"ListItem","position":2,"name":"C\u00e9l\u00e9brer","item":"https:\/\/paroisseherblay.fr\/index.php\/celebrer\/"},{"@type":"ListItem","position":3,"name":"R\u00e9conciliation"}]},{"@type":"WebSite","@id":"https:\/\/paroisseherblay.fr\/#website","url":"https:\/\/paroisseherblay.fr\/","name":"Paroisse d'Herblay","description":"","publisher":{"@id":"https:\/\/paroisseherblay.fr\/#organization"},"alternateName":"ParoisseHerblay","potentialAction":[{"@type":"SearchAction","target":{"@type":"EntryPoint","urlTemplate":"https:\/\/paroisseherblay.fr\/?s={search_term_string}"},"query-input":{"@type":"PropertyValueSpecification","valueRequired":true,"valueName":"search_term_string"}}],"inLanguage":"fr-FR"},{"@type":"Organization","@id":"https:\/\/paroisseherblay.fr\/#organization","name":"Paroisse d'Herblay","url":"https:\/\/paroisseherblay.fr\/","logo":{"@type":"ImageObject","inLanguage":"fr-FR","@id":"https:\/\/paroisseherblay.fr\/#\/schema\/logo\/image\/","url":"https:\/\/paroisseherblay.fr\/wp-content\/uploads\/2023\/10\/logo_paroisse.png","contentUrl":"https:\/\/paroisseherblay.fr\/wp-content\/uploads\/2023\/10\/logo_paroisse.png","width":200,"height":207,"caption":"Paroisse d'Herblay"},"image":{"@id":"https:\/\/paroisseherblay.fr\/#\/schema\/logo\/image\/"},"sameAs":["https:\/\/www.facebook.com\/paroisse.dherblay","https:\/\/www.youtube.com\/@paroisseherblay","https:\/\/www.instagram.com\/paroisse.herblay"]}]}},"_links":{"self":[{"href":"https:\/\/paroisseherblay.fr\/index.php\/wp-json\/wp\/v2\/pages\/72","targetHints":{"allow":["GET"]}}],"collection":[{"href":"https:\/\/paroisseherblay.fr\/index.php\/wp-json\/wp\/v2\/pages"}],"about":[{"href":"https:\/\/paroisseherblay.fr\/index.php\/wp-json\/wp\/v2\/types\/page"}],"author":[{"embeddable":true,"href":"https:\/\/paroisseherblay.fr\/index.php\/wp-json\/wp\/v2\/users\/1"}],"replies":[{"embeddable":true,"href":"https:\/\/paroisseherblay.fr\/index.php\/wp-json\/wp\/v2\/comments?post=72"}],"version-history":[{"count":6,"href":"https:\/\/paroisseherblay.fr\/index.php\/wp-json\/wp\/v2\/pages\/72\/revisions"}],"predecessor-version":[{"id":1087,"href":"https:\/\/paroisseherblay.fr\/index.php\/wp-json\/wp\/v2\/pages\/72\/revisions\/1087"}],"up":[{"embeddable":true,"href":"https:\/\/paroisseherblay.fr\/index.php\/wp-json\/wp\/v2\/pages\/470"}],"wp:attachment":[{"href":"https:\/\/paroisseherblay.fr\/index.php\/wp-json\/wp\/v2\/media?parent=72"}],"curies":[{"name":"wp","href":"https:\/\/api.w.org\/{rel}","templated":true}]}}